{"id":5005,"date":"2023-09-22T12:31:53","date_gmt":"2023-09-22T11:31:53","guid":{"rendered":"https:\/\/www.falua.pt\/douro\/"},"modified":"2024-03-22T18:19:09","modified_gmt":"2024-03-22T17:19:09","slug":"douro","status":"publish","type":"page","link":"https:\/\/www.falua.pt\/fr\/douro\/","title":{"rendered":"Douro"},"content":{"rendered":"\t\t<div data-elementor-type=\"wp-page\" data-elementor-id=\"5005\" class=\"elementor elementor-5005 elementor-4914\" data-elementor-post-type=\"page\">\n\t\t\t\t\t\t<section class=\"elementor-section elementor-top-section elementor-element elementor-element-8820cb7 firstsection elementor-reverse-mobile elementor-section-boxed elementor-section-height-default elementor-section-height-default\" data-id=\"8820cb7\" data-element_type=\"section\" data-e-type=\"section\">\n\t\t\t\t\t\t<div class=\"elementor-container elementor-column-gap-default\">\n\t\t\t\t\t<div class=\"elementor-column elementor-col-33 elementor-top-column elementor-element elementor-element-4c3deb6 intro\" data-id=\"4c3deb6\" data-element_type=\"column\" data-e-type=\"column\">\n\t\t\t<div class=\"elementor-widget-wrap elementor-element-populated\">\n\t\t\t\t\t\t<div class=\"elementor-element elementor-element-97facca header imgbox-titulo-subtitulo elementor-widget elementor-widget-image-box\" data-id=\"97facca\" data-element_type=\"widget\" data-e-type=\"widget\" data-widget_type=\"image-box.default\">\n\t\t\t\t<div class=\"elementor-widget-container\">\n\t\t\t\t\t<div class=\"elementor-image-box-wrapper\"><div class=\"elementor-image-box-content\"><h1 class=\"elementor-image-box-title\">Douro<\/h1><p class=\"elementor-image-box-description\">Un paysage d'une valeur universellement reconnue\n<\/p><\/div><\/div>\t\t\t\t<\/div>\n\t\t\t\t<\/div>\n\t\t\t\t<div class=\"elementor-element elementor-element-c243903 elementor-widget elementor-widget-text-editor\" data-id=\"c243903\" data-element_type=\"widget\" data-e-type=\"widget\" data-widget_type=\"text-editor.default\">\n\t\t\t\t<div class=\"elementor-widget-container\">\n\t\t\t\t\t\t\t\t\t<p>La R\u00e9gion D\u00e9marqu\u00e9e du Douro s&#8217;\u00e9tend le long du fleuve Douro et de ses affluents sur une superficie d&#8217;environ 250 000 hectares entre Barqueiros et Barca d&#8217;Alva. Cette r\u00e9gion trouve son origine dans la d\u00e9limitation territoriale de 1756, date de la premi\u00e8re d\u00e9marcation des &#8220;Vignes du Haut Douro&#8221;, qui a \u00e9tabli le premier mod\u00e8le institutionnel mondial d&#8217;organisation d&#8217;une r\u00e9gion viticole. Initialement \u00e9tablie pour r\u00e9guler la production du vin fortifi\u00e9 que nous appelons &#8220;vin de Porto&#8221;, aujourd&#8217;hui la R\u00e9gion D\u00e9marcada do Douro englobe la D\u00e9nomination d&#8217;Origine Contr\u00f4l\u00e9e des vins de Porto et du Douro, et est divis\u00e9e en trois sous-r\u00e9gions : le Baixo Corgo, le Cima Corgo et le Douro Superior.<\/p>\n<p>La production de vin dans cette r\u00e9gion est une le\u00e7on sur la capacit\u00e9 et la d\u00e9termination de l&#8217;homme face aux ressources naturelles disponibles. Les vignes ont \u00e9t\u00e9 plant\u00e9es dans un territoire marqu\u00e9 par des pentes abruptes et la quasi-absence de terre et d&#8217;eau. Les vignes qui couvrent les pentes s&#8217;\u00e9l\u00e8vent depuis le fleuve Douro et forment un immense escalier de terrasses et de plateaux qui sont, selon les mots d&#8217;Orlando Ribeiro, la plus admirable \u0153uvre humaine que l&#8217;on puisse voir au Portugal.<\/p><p>Terre de grands contrastes, le Douro est marqu\u00e9 par les montagnes schisteuses du Mar\u00e3o et de Montemuro, qui le prot\u00e8gent des vents atlantiques, l&#8217;ouvrant \u00e0 l&#8217;influence m\u00e9diterran\u00e9enne et continentale. Le fleuve Douro et ses affluents, coulant dans de profondes vall\u00e9es, dessinent un paysage battu par de fortes amplitudes thermiques, avec des \u00e9t\u00e9s tr\u00e8s chauds et des hivers rigoureux.<\/p><p>La monumentalit\u00e9 du paysage du Haut-Douro Vinhateiro a une valeur universelle reconnue. En 2001, il a \u00e9t\u00e9 inscrit sur la liste du patrimoine mondial de l&#8217;UNESCO.<\/p>\t\t\t\t\t\t\t\t<\/div>\n\t\t\t\t<\/div>\n\t\t\t\t\t<\/div>\n\t\t<\/div>\n\t\t\t\t<div class=\"elementor-column elementor-col-66 elementor-top-column elementor-element elementor-element-3a768ed\" data-id=\"3a768ed\" data-element_type=\"column\" data-e-type=\"column\" data-settings=\"{&quot;background_background&quot;:&quot;classic&quot;}\">\n\t\t\t<div class=\"elementor-widget-wrap elementor-element-populated\">\n\t\t\t\t\t\t<div class=\"elementor-element elementor-element-309b6f9 firstsection-img elementor-widget elementor-widget-image\" data-id=\"309b6f9\" data-element_type=\"widget\" data-e-type=\"widget\" data-widget_type=\"image.default\">\n\t\t\t\t<div class=\"elementor-widget-container\">\n\t\t\t\t\t\t\t\t\t\t\t\t\t\t\t<img fetchpriority=\"high\" decoding=\"async\" width=\"856\" height=\"600\" src=\"https:\/\/www.falua.pt\/wp-content\/uploads\/2023\/09\/Site_imagem_destaque-na-pagina.png\" class=\"attachment-full size-full wp-image-4915\" alt=\"\" srcset=\"https:\/\/www.falua.pt\/wp-content\/uploads\/2023\/09\/Site_imagem_destaque-na-pagina.png 856w, https:\/\/www.falua.pt\/wp-content\/uploads\/2023\/09\/Site_imagem_destaque-na-pagina-300x210.png 300w, https:\/\/www.falua.pt\/wp-content\/uploads\/2023\/09\/Site_imagem_destaque-na-pagina-768x538.png 768w\" sizes=\"(max-width: 856px) 100vw, 856px\" \/>\t\t\t\t\t\t\t\t\t\t\t\t\t\t\t<\/div>\n\t\t\t\t<\/div>\n\t\t\t\t\t<\/div>\n\t\t<\/div>\n\t\t\t\t\t<\/div>\n\t\t<\/section>\n\t\t\t\t<section class=\"elementor-section elementor-top-section elementor-element elementor-element-79fbfe7 img-left-text-center elementor-section-boxed elementor-section-height-default elementor-section-height-default\" data-id=\"79fbfe7\" data-element_type=\"section\" data-e-type=\"section\">\n\t\t\t\t\t\t<div class=\"elementor-container elementor-column-gap-default\">\n\t\t\t\t\t<div class=\"elementor-column elementor-col-100 elementor-top-column elementor-element elementor-element-6dc234b\" data-id=\"6dc234b\" data-element_type=\"column\" data-e-type=\"column\">\n\t\t\t<div class=\"elementor-widget-wrap elementor-element-populated\">\n\t\t\t\t\t\t<div class=\"elementor-element elementor-element-dadbd59 imgbox-titulo-subtitulo small elementor-position-top elementor-widget elementor-widget-image-box\" data-id=\"dadbd59\" data-element_type=\"widget\" data-e-type=\"widget\" data-settings=\"{&quot;motion_fx_motion_fx_scrolling&quot;:&quot;yes&quot;,&quot;motion_fx_translateX_effect&quot;:&quot;yes&quot;,&quot;motion_fx_translateX_direction&quot;:&quot;negative&quot;,&quot;motion_fx_translateX_speed&quot;:{&quot;unit&quot;:&quot;px&quot;,&quot;size&quot;:1,&quot;sizes&quot;:[]},&quot;motion_fx_translateX_affectedRange&quot;:{&quot;unit&quot;:&quot;%&quot;,&quot;size&quot;:&quot;&quot;,&quot;sizes&quot;:{&quot;start&quot;:0,&quot;end&quot;:50}},&quot;motion_fx_devices&quot;:[&quot;desktop&quot;,&quot;tablet&quot;]}\" data-widget_type=\"image-box.default\">\n\t\t\t\t<div class=\"elementor-widget-container\">\n\t\t\t\t\t<div class=\"elementor-image-box-wrapper\"><figure class=\"elementor-image-box-img\"><img decoding=\"async\" src=\"https:\/\/www.falua.pt\/wp-content\/uploads\/elementor\/thumbs\/douro-01-qec8a60levb79y7dagcp58sneb2v43udyxwsv821eo.jpg\" title=\"douro-01\" alt=\"douro-01\" loading=\"lazy\" \/><\/figure><div class=\"elementor-image-box-content\"><h3 class=\"elementor-image-box-title\">Le Douro et le Vin de Porto<\/h3><p class=\"elementor-image-box-description\">Une histoire \u00e9crite par le temps<\/p><\/div><\/div>\t\t\t\t<\/div>\n\t\t\t\t<\/div>\n\t\t\t\t<div class=\"elementor-element elementor-element-9c71918 elementor-widget elementor-widget-text-editor\" data-id=\"9c71918\" data-element_type=\"widget\" data-e-type=\"widget\" data-widget_type=\"text-editor.default\">\n\t\t\t\t<div class=\"elementor-widget-container\">\n\t\t\t\t\t\t\t\t\tPendant pr\u00e8s de deux mill\u00e9naires, un vin exceptionnel a \u00e9t\u00e9 produit sur les pentes schisteuses de la vall\u00e9e du Douro. Plus qu&#8217;un don de la nature, le Vin de Porto est, dans son essence, une \u00e9paisseur historique, un patrimoine culturel collectif de travail et d&#8217;exp\u00e9riences, de connaissances et d&#8217;art, accumul\u00e9 au fil des g\u00e9n\u00e9rations. Avec diff\u00e9rents styles et moments de consommation, il est un symbole ind\u00e9niable du Douro et du Portugal, reconnu internationalement parmi les meilleurs vins du monde.\t\t\t\t\t\t\t\t<\/div>\n\t\t\t\t<\/div>\n\t\t\t\t\t<\/div>\n\t\t<\/div>\n\t\t\t\t\t<\/div>\n\t\t<\/section>\n\t\t\t\t<section class=\"elementor-section elementor-top-section elementor-element elementor-element-6744e51 elementor-section-content-middle text-left-img-right elementor-reverse-mobile elementor-section-boxed elementor-section-height-default elementor-section-height-default\" data-id=\"6744e51\" data-element_type=\"section\" data-e-type=\"section\">\n\t\t\t\t\t\t<div class=\"elementor-container elementor-column-gap-default\">\n\t\t\t\t\t<div class=\"elementor-column elementor-col-50 elementor-top-column elementor-element elementor-element-faea2a6\" data-id=\"faea2a6\" data-element_type=\"column\" data-e-type=\"column\">\n\t\t\t<div class=\"elementor-widget-wrap elementor-element-populated\">\n\t\t\t\t\t\t<div class=\"elementor-element elementor-element-48333da imgbox-titulo-subtitulo small elementor-widget elementor-widget-image-box\" data-id=\"48333da\" data-element_type=\"widget\" data-e-type=\"widget\" data-widget_type=\"image-box.default\">\n\t\t\t\t<div class=\"elementor-widget-container\">\n\t\t\t\t\t<div class=\"elementor-image-box-wrapper\"><div class=\"elementor-image-box-content\"><h3 class=\"elementor-image-box-title\">Falua dans le Douro<\/h3><p class=\"elementor-image-box-description\">Un po\u00e8me g\u00e9ologique<\/p><\/div><\/div>\t\t\t\t<\/div>\n\t\t\t\t<\/div>\n\t\t\t\t<div class=\"elementor-element elementor-element-1338414 maxwidth400 elementor-widget elementor-widget-text-editor\" data-id=\"1338414\" data-element_type=\"widget\" data-e-type=\"widget\" data-widget_type=\"text-editor.default\">\n\t\t\t\t<div class=\"elementor-widget-container\">\n\t\t\t\t\t\t\t\t\t<p>La plupart des vignes de Falua se trouvent dans les sous-r\u00e9gions du Baixo et du Cima Corgo, dans des emplacements d&#8217;excellence caract\u00e9ris\u00e9s, entre autres choses, par leur plantation en terrasses qui n\u00e9cessite une viticulture montagnarde exigeante, enti\u00e8rement manuelle et d\u00e9di\u00e9e \u00e0 la production de vins tr\u00e8s exclusifs et de grande qualit\u00e9.<\/p><p>Le projet Falua dans le Douro est divis\u00e9 entre la Quinta do Mour\u00e3o et la Quinta de S. Jos\u00e9. Avec des profils tr\u00e8s diff\u00e9rents et des terroirs uniques, ces propri\u00e9t\u00e9s refl\u00e8tent la diversit\u00e9 et les innombrables possibilit\u00e9s offertes par la r\u00e9gion du Douro.<\/p>\t\t\t\t\t\t\t\t<\/div>\n\t\t\t\t<\/div>\n\t\t\t\t\t<\/div>\n\t\t<\/div>\n\t\t\t\t<div class=\"elementor-column elementor-col-50 elementor-top-column elementor-element elementor-element-2ae270e\" data-id=\"2ae270e\" data-element_type=\"column\" data-e-type=\"column\">\n\t\t\t<div class=\"elementor-widget-wrap elementor-element-populated\">\n\t\t\t\t\t\t<div class=\"elementor-element elementor-element-5de41cc elementor-widget elementor-widget-image\" data-id=\"5de41cc\" data-element_type=\"widget\" data-e-type=\"widget\" data-settings=\"{&quot;motion_fx_motion_fx_scrolling&quot;:&quot;yes&quot;,&quot;motion_fx_translateX_effect&quot;:&quot;yes&quot;,&quot;motion_fx_translateX_speed&quot;:{&quot;unit&quot;:&quot;px&quot;,&quot;size&quot;:1,&quot;sizes&quot;:[]},&quot;motion_fx_devices&quot;:[&quot;desktop&quot;],&quot;motion_fx_translateX_affectedRange&quot;:{&quot;unit&quot;:&quot;%&quot;,&quot;size&quot;:&quot;&quot;,&quot;sizes&quot;:{&quot;start&quot;:0,&quot;end&quot;:100}}}\" data-widget_type=\"image.default\">\n\t\t\t\t<div class=\"elementor-widget-container\">\n\t\t\t\t\t\t\t\t\t\t\t\t\t\t\t<img decoding=\"async\" width=\"2560\" height=\"1708\" src=\"https:\/\/www.falua.pt\/wp-content\/uploads\/2023\/09\/6L6A0109-BD_douro_01-scaled.jpg\" class=\"attachment-full size-full wp-image-4962\" alt=\"\" srcset=\"https:\/\/www.falua.pt\/wp-content\/uploads\/2023\/09\/6L6A0109-BD_douro_01-scaled.jpg 2560w, https:\/\/www.falua.pt\/wp-content\/uploads\/2023\/09\/6L6A0109-BD_douro_01-300x200.jpg 300w, https:\/\/www.falua.pt\/wp-content\/uploads\/2023\/09\/6L6A0109-BD_douro_01-1024x683.jpg 1024w, https:\/\/www.falua.pt\/wp-content\/uploads\/2023\/09\/6L6A0109-BD_douro_01-768x512.jpg 768w, https:\/\/www.falua.pt\/wp-content\/uploads\/2023\/09\/6L6A0109-BD_douro_01-1536x1025.jpg 1536w, https:\/\/www.falua.pt\/wp-content\/uploads\/2023\/09\/6L6A0109-BD_douro_01-2048x1366.jpg 2048w\" sizes=\"(max-width: 2560px) 100vw, 2560px\" \/>\t\t\t\t\t\t\t\t\t\t\t\t\t\t\t<\/div>\n\t\t\t\t<\/div>\n\t\t\t\t\t<\/div>\n\t\t<\/div>\n\t\t\t\t\t<\/div>\n\t\t<\/section>\n\t\t\t\t<section class=\"elementor-section elementor-top-section elementor-element elementor-element-665f092 small-row img-100-text-left elementor-section-boxed elementor-section-height-default elementor-section-height-default\" data-id=\"665f092\" data-element_type=\"section\" data-e-type=\"section\">\n\t\t\t\t\t\t<div class=\"elementor-container elementor-column-gap-default\">\n\t\t\t\t\t<div class=\"elementor-column elementor-col-100 elementor-top-column elementor-element elementor-element-7fee9d7\" data-id=\"7fee9d7\" data-element_type=\"column\" data-e-type=\"column\">\n\t\t\t<div class=\"elementor-widget-wrap elementor-element-populated\">\n\t\t\t\t\t\t<div class=\"elementor-element elementor-element-db653f8 imgbox-titulo-subtitulo small elementor-position-top elementor-widget elementor-widget-image-box\" data-id=\"db653f8\" data-element_type=\"widget\" data-e-type=\"widget\" data-widget_type=\"image-box.default\">\n\t\t\t\t<div class=\"elementor-widget-container\">\n\t\t\t\t\t<div class=\"elementor-image-box-wrapper\"><figure class=\"elementor-image-box-img\"><img decoding=\"async\" width=\"2560\" height=\"1705\" src=\"https:\/\/www.falua.pt\/wp-content\/uploads\/2023\/09\/DJI_0100-BD_douro_02-scaled.jpg\" class=\"attachment-full size-full wp-image-4959\" alt=\"\" srcset=\"https:\/\/www.falua.pt\/wp-content\/uploads\/2023\/09\/DJI_0100-BD_douro_02-scaled.jpg 2560w, https:\/\/www.falua.pt\/wp-content\/uploads\/2023\/09\/DJI_0100-BD_douro_02-300x200.jpg 300w, https:\/\/www.falua.pt\/wp-content\/uploads\/2023\/09\/DJI_0100-BD_douro_02-1024x682.jpg 1024w, https:\/\/www.falua.pt\/wp-content\/uploads\/2023\/09\/DJI_0100-BD_douro_02-768x512.jpg 768w, https:\/\/www.falua.pt\/wp-content\/uploads\/2023\/09\/DJI_0100-BD_douro_02-1536x1023.jpg 1536w, https:\/\/www.falua.pt\/wp-content\/uploads\/2023\/09\/DJI_0100-BD_douro_02-2048x1364.jpg 2048w\" sizes=\"(max-width: 2560px) 100vw, 2560px\" \/><\/figure><div class=\"elementor-image-box-content\"><h3 class=\"elementor-image-box-title\">Quinta de S\u00e3o Jos\u00e9<\/h3><p class=\"elementor-image-box-description\">Excellence fa\u00e7onn\u00e9e par la puret\u00e9 d'un terroir unique<\/p><\/div><\/div>\t\t\t\t<\/div>\n\t\t\t\t<\/div>\n\t\t\t\t<div class=\"elementor-element elementor-element-370f472 elementor-widget elementor-widget-text-editor\" data-id=\"370f472\" data-element_type=\"widget\" data-e-type=\"widget\" data-widget_type=\"text-editor.default\">\n\t\t\t\t<div class=\"elementor-widget-container\">\n\t\t\t\t\t\t\t\t\tLe long des rives du Douro et entre des terrasses ancestrales se trouve la Quinta de S. Jos\u00e9, situ\u00e9e \u00e0 Ervedosa, dans la municipalit\u00e9 de S\u00e3o Jo\u00e3o da Pesqueira, dans la sous-r\u00e9gion du Cima Corgo. Avec 15 hectares de vignes plant\u00e9es en terrasses, orient\u00e9es vers le nord, sur des sols de schiste bleu-gris, c&#8217;est le lieu de cr\u00e9ation de certains des vins du Douro les plus passionnants, marqu\u00e9s par la puret\u00e9 d&#8217;un terroir interpr\u00e9t\u00e9 en d\u00e9tail et largement reconnus nationalement et internationalement.\t\t\t\t\t\t\t\t<\/div>\n\t\t\t\t<\/div>\n\t\t\t\t<div class=\"elementor-element elementor-element-5daa671 elementor-widget elementor-widget-button\" data-id=\"5daa671\" data-element_type=\"widget\" data-e-type=\"widget\" data-widget_type=\"button.default\">\n\t\t\t\t<div class=\"elementor-widget-container\">\n\t\t\t\t\t\t\t\t\t<div class=\"elementor-button-wrapper\">\n\t\t\t\t\t<a class=\"elementor-button elementor-button-link elementor-size-sm\" href=\"\/fr\/a-quinta-de-sao-jose\/\">\n\t\t\t\t\t\t<span class=\"elementor-button-content-wrapper\">\n\t\t\t\t\t\t\t\t\t<span class=\"elementor-button-text\">D\u00c9COUVREZ S\u00c3O JOS\u00c9<\/span>\n\t\t\t\t\t<\/span>\n\t\t\t\t\t<\/a>\n\t\t\t\t<\/div>\n\t\t\t\t\t\t\t\t<\/div>\n\t\t\t\t<\/div>\n\t\t\t\t\t<\/div>\n\t\t<\/div>\n\t\t\t\t\t<\/div>\n\t\t<\/section>\n\t\t\t\t<section class=\"elementor-section elementor-top-section elementor-element elementor-element-22c1eda small-row img-100-text-left elementor-section-boxed elementor-section-height-default elementor-section-height-default\" data-id=\"22c1eda\" data-element_type=\"section\" data-e-type=\"section\">\n\t\t\t\t\t\t<div class=\"elementor-container elementor-column-gap-default\">\n\t\t\t\t\t<div class=\"elementor-column elementor-col-100 elementor-top-column elementor-element elementor-element-e43e273\" data-id=\"e43e273\" data-element_type=\"column\" data-e-type=\"column\">\n\t\t\t<div class=\"elementor-widget-wrap elementor-element-populated\">\n\t\t\t\t\t\t<div class=\"elementor-element elementor-element-e5d7984 imgbox-titulo-subtitulo small elementor-position-top elementor-widget elementor-widget-image-box\" data-id=\"e5d7984\" data-element_type=\"widget\" data-e-type=\"widget\" data-widget_type=\"image-box.default\">\n\t\t\t\t<div class=\"elementor-widget-container\">\n\t\t\t\t\t<div class=\"elementor-image-box-wrapper\"><figure class=\"elementor-image-box-img\"><img loading=\"lazy\" decoding=\"async\" width=\"2560\" height=\"1705\" src=\"https:\/\/www.falua.pt\/wp-content\/uploads\/2023\/11\/quintademourao_principal_QUINTA-MOURAO-257-scaled.jpg\" class=\"attachment-full size-full wp-image-5447\" alt=\"\" srcset=\"https:\/\/www.falua.pt\/wp-content\/uploads\/2023\/11\/quintademourao_principal_QUINTA-MOURAO-257-scaled.jpg 2560w, https:\/\/www.falua.pt\/wp-content\/uploads\/2023\/11\/quintademourao_principal_QUINTA-MOURAO-257-300x200.jpg 300w, https:\/\/www.falua.pt\/wp-content\/uploads\/2023\/11\/quintademourao_principal_QUINTA-MOURAO-257-1024x682.jpg 1024w, https:\/\/www.falua.pt\/wp-content\/uploads\/2023\/11\/quintademourao_principal_QUINTA-MOURAO-257-768x512.jpg 768w, https:\/\/www.falua.pt\/wp-content\/uploads\/2023\/11\/quintademourao_principal_QUINTA-MOURAO-257-1536x1023.jpg 1536w, https:\/\/www.falua.pt\/wp-content\/uploads\/2023\/11\/quintademourao_principal_QUINTA-MOURAO-257-2048x1364.jpg 2048w\" sizes=\"(max-width: 2560px) 100vw, 2560px\" \/><\/figure><div class=\"elementor-image-box-content\"><h3 class=\"elementor-image-box-title\">Quinta do Mour\u00e3o<\/h3><p class=\"elementor-image-box-description\">Le Douro r\u00e9v\u00e9l\u00e9 dans chaque bouteille <\/p><\/div><\/div>\t\t\t\t<\/div>\n\t\t\t\t<\/div>\n\t\t\t\t<div class=\"elementor-element elementor-element-ddb2d5b elementor-widget elementor-widget-text-editor\" data-id=\"ddb2d5b\" data-element_type=\"widget\" data-e-type=\"widget\" data-widget_type=\"text-editor.default\">\n\t\t\t\t<div class=\"elementor-widget-container\">\n\t\t\t\t\t\t\t\t\t<p>Localiz\u00e9e dans la r\u00e9gion du Baixo Corgo, \u00e0 Lamego, depuis les ann\u00e9es 70, l&#8217;activit\u00e9 de la Quinta do Mour\u00e3o s&#8217;est \u00e9tendue \u00e0 d&#8217;autres propri\u00e9t\u00e9s, toutes situ\u00e9es dans des emplacements privil\u00e9gi\u00e9s, dans les sous-r\u00e9gions du Baixo et du Cima Corgo, un total de 50 hectares. La diversit\u00e9 des sols, des expositions et des altitudes enrichit ce projet en ouvrant un large \u00e9ventail de possibilit\u00e9s pour concr\u00e9tiser cette noble mission de r\u00e9v\u00e9ler le Douro par le biais de vins uniques.\u00a0<\/p>\t\t\t\t\t\t\t\t<\/div>\n\t\t\t\t<\/div>\n\t\t\t\t<div class=\"elementor-element elementor-element-7fd4f7c elementor-widget elementor-widget-button\" data-id=\"7fd4f7c\" data-element_type=\"widget\" data-e-type=\"widget\" data-widget_type=\"button.default\">\n\t\t\t\t<div class=\"elementor-widget-container\">\n\t\t\t\t\t\t\t\t\t<div class=\"elementor-button-wrapper\">\n\t\t\t\t\t<a class=\"elementor-button elementor-button-link elementor-size-sm\" href=\"\/fr\/a-quinta-do-mourao\/\">\n\t\t\t\t\t\t<span class=\"elementor-button-content-wrapper\">\n\t\t\t\t\t\t\t\t\t<span class=\"elementor-button-text\">D\u00c9COUVREZ MOUR\u00c3O<\/span>\n\t\t\t\t\t<\/span>\n\t\t\t\t\t<\/a>\n\t\t\t\t<\/div>\n\t\t\t\t\t\t\t\t<\/div>\n\t\t\t\t<\/div>\n\t\t\t\t\t<\/div>\n\t\t<\/div>\n\t\t\t\t\t<\/div>\n\t\t<\/section>\n\t\t\t\t<section class=\"elementor-section elementor-top-section elementor-element elementor-element-6498fa1 elementor-section-boxed elementor-section-height-default elementor-section-height-default\" data-id=\"6498fa1\" data-element_type=\"section\" data-e-type=\"section\">\n\t\t\t\t\t\t<div class=\"elementor-container elementor-column-gap-default\">\n\t\t\t\t\t<div class=\"elementor-column elementor-col-100 elementor-top-column elementor-element elementor-element-c7e8a9e\" data-id=\"c7e8a9e\" data-element_type=\"column\" data-e-type=\"column\">\n\t\t\t<div class=\"elementor-widget-wrap elementor-element-populated\">\n\t\t\t\t\t\t<div class=\"elementor-element elementor-element-b5d46e2 imgbox-titulo-subtitulo elementor-widget elementor-widget-image-box\" data-id=\"b5d46e2\" data-element_type=\"widget\" data-e-type=\"widget\" data-widget_type=\"image-box.default\">\n\t\t\t\t<div class=\"elementor-widget-container\">\n\t\t\t\t\t<div class=\"elementor-image-box-wrapper\"><div class=\"elementor-image-box-content\"><h3 class=\"elementor-image-box-title\">VINS DU DOURO <\/h3><p class=\"elementor-image-box-description\">Des vins qui racontent l'histoire d'une r\u00e9gion<\/p><\/div><\/div>\t\t\t\t<\/div>\n\t\t\t\t<\/div>\n\t\t\t\t\t<\/div>\n\t\t<\/div>\n\t\t\t\t\t<\/div>\n\t\t<\/section>\n\t\t\t\t<section class=\"elementor-section elementor-top-section elementor-element elementor-element-739a8c4 miniaturas-marcas elementor-section-boxed elementor-section-height-default elementor-section-height-default\" data-id=\"739a8c4\" data-element_type=\"section\" data-e-type=\"section\">\n\t\t\t\t\t\t<div class=\"elementor-container elementor-column-gap-default\">\n\t\t\t\t\t<div class=\"elementor-column elementor-col-33 elementor-top-column elementor-element elementor-element-3d929f5\" data-id=\"3d929f5\" data-element_type=\"column\" data-e-type=\"column\">\n\t\t\t<div class=\"elementor-widget-wrap elementor-element-populated\">\n\t\t\t\t\t\t<div class=\"elementor-element elementor-element-f59df37 imgbox-titulo-subtitulo small elementor-position-top elementor-widget elementor-widget-image-box\" data-id=\"f59df37\" data-element_type=\"widget\" data-e-type=\"widget\" data-widget_type=\"image-box.default\">\n\t\t\t\t<div class=\"elementor-widget-container\">\n\t\t\t\t\t<div class=\"elementor-image-box-wrapper\"><figure class=\"elementor-image-box-img\"><a href=\"\/fr\/marca\/quinta-de-sao-jose-fr\/\" tabindex=\"-1\"><img loading=\"lazy\" decoding=\"async\" width=\"816\" height=\"816\" src=\"https:\/\/www.falua.pt\/wp-content\/uploads\/2023\/09\/marca-quinta-de-sao-jose.jpg\" class=\"attachment-full size-full wp-image-4918\" alt=\"\" srcset=\"https:\/\/www.falua.pt\/wp-content\/uploads\/2023\/09\/marca-quinta-de-sao-jose.jpg 816w, https:\/\/www.falua.pt\/wp-content\/uploads\/2023\/09\/marca-quinta-de-sao-jose-300x300.jpg 300w, https:\/\/www.falua.pt\/wp-content\/uploads\/2023\/09\/marca-quinta-de-sao-jose-150x150.jpg 150w, https:\/\/www.falua.pt\/wp-content\/uploads\/2023\/09\/marca-quinta-de-sao-jose-768x768.jpg 768w\" sizes=\"(max-width: 816px) 100vw, 816px\" \/><\/a><\/figure><div class=\"elementor-image-box-content\"><h3 class=\"elementor-image-box-title\"><a href=\"\/fr\/marca\/quinta-de-sao-jose-fr\/\">Quinta de S\u00e3o Jos\u00e9<\/a><\/h3><p class=\"elementor-image-box-description\">Puret\u00e9 d'un terroir interpr\u00e9t\u00e9 en d\u00e9tail<\/p><\/div><\/div>\t\t\t\t<\/div>\n\t\t\t\t<\/div>\n\t\t\t\t<div class=\"elementor-element elementor-element-884ca88 elementor-widget elementor-widget-text-editor\" data-id=\"884ca88\" data-element_type=\"widget\" data-e-type=\"widget\" data-widget_type=\"text-editor.default\">\n\t\t\t\t<div class=\"elementor-widget-container\">\n\t\t\t\t\t\t\t\t\t<p><span class=\"ui-provider ec baz bba bbb bbc bbd bbe bbf bbg bbh bbi bbj bbk bbl bbm bbn bbo bbp bbq bbr bbs bbt bbu bbv bbw bbx bby bbz bca bcb bcc bcd bce bcf bcg\" dir=\"ltr\">Dans des vignobles plant\u00e9s en terrasses, expos\u00e9s au nord, sur des sols de schiste bleu-gris, naissent certains des vins du Douro les plus passionnants, marqu\u00e9s par la puret\u00e9 d&#8217;un terroir interpr\u00e9t\u00e9 m\u00e9ticuleusement.<\/span><\/p>\t\t\t\t\t\t\t\t<\/div>\n\t\t\t\t<\/div>\n\t\t\t\t<div class=\"elementor-element elementor-element-b6a82e2 elementor-widget elementor-widget-button\" data-id=\"b6a82e2\" data-element_type=\"widget\" data-e-type=\"widget\" data-widget_type=\"button.default\">\n\t\t\t\t<div class=\"elementor-widget-container\">\n\t\t\t\t\t\t\t\t\t<div class=\"elementor-button-wrapper\">\n\t\t\t\t\t<a class=\"elementor-button elementor-button-link elementor-size-sm\" href=\"\/fr\/marca\/quinta-de-sao-jose-fr\/\">\n\t\t\t\t\t\t<span class=\"elementor-button-content-wrapper\">\n\t\t\t\t\t\t\t\t\t<span class=\"elementor-button-text\">D\u00c9COUVREZ LES VINS<\/span>\n\t\t\t\t\t<\/span>\n\t\t\t\t\t<\/a>\n\t\t\t\t<\/div>\n\t\t\t\t\t\t\t\t<\/div>\n\t\t\t\t<\/div>\n\t\t\t\t\t<\/div>\n\t\t<\/div>\n\t\t\t\t<div class=\"elementor-column elementor-col-33 elementor-top-column elementor-element elementor-element-9688366\" data-id=\"9688366\" data-element_type=\"column\" data-e-type=\"column\">\n\t\t\t<div class=\"elementor-widget-wrap elementor-element-populated\">\n\t\t\t\t\t\t<div class=\"elementor-element elementor-element-1242fe9 imgbox-titulo-subtitulo small elementor-position-top elementor-widget elementor-widget-image-box\" data-id=\"1242fe9\" data-element_type=\"widget\" data-e-type=\"widget\" data-widget_type=\"image-box.default\">\n\t\t\t\t<div class=\"elementor-widget-container\">\n\t\t\t\t\t<div class=\"elementor-image-box-wrapper\"><figure class=\"elementor-image-box-img\"><a href=\"\/fr\/marca\/quinta-do-mourao-fr\/\" tabindex=\"-1\"><img loading=\"lazy\" decoding=\"async\" width=\"816\" height=\"816\" src=\"https:\/\/www.falua.pt\/wp-content\/uploads\/2023\/11\/Base_imagens_site_QM-34.png\" class=\"attachment-full size-full wp-image-5453\" alt=\"\" srcset=\"https:\/\/www.falua.pt\/wp-content\/uploads\/2023\/11\/Base_imagens_site_QM-34.png 816w, https:\/\/www.falua.pt\/wp-content\/uploads\/2023\/11\/Base_imagens_site_QM-34-300x300.png 300w, https:\/\/www.falua.pt\/wp-content\/uploads\/2023\/11\/Base_imagens_site_QM-34-150x150.png 150w, https:\/\/www.falua.pt\/wp-content\/uploads\/2023\/11\/Base_imagens_site_QM-34-768x768.png 768w\" sizes=\"(max-width: 816px) 100vw, 816px\" \/><\/a><\/figure><div class=\"elementor-image-box-content\"><h3 class=\"elementor-image-box-title\"><a href=\"\/fr\/marca\/quinta-do-mourao-fr\/\">Quinta do Mour\u00e3o<\/a><\/h3><p class=\"elementor-image-box-description\">Le Douro r\u00e9v\u00e9l\u00e9 dans chaque bouteille <\/p><\/div><\/div>\t\t\t\t<\/div>\n\t\t\t\t<\/div>\n\t\t\t\t<div class=\"elementor-element elementor-element-b908f47 elementor-widget elementor-widget-text-editor\" data-id=\"b908f47\" data-element_type=\"widget\" data-e-type=\"widget\" data-widget_type=\"text-editor.default\">\n\t\t\t\t<div class=\"elementor-widget-container\">\n\t\t\t\t\t\t\t\t\t<p>Avec une viticulture enti\u00e8rement manuelle qui allie savoirs ancestraux et connaissances techniques actuelles, la qu\u00eate de la qualit\u00e9 est quotidienne. Dans la longue histoire de la Quinta do Mour\u00e3o, l&#8217;excellence a toujours \u00e9t\u00e9 une valeur qui a voyag\u00e9 au travers du temps et entre les diff\u00e9rentes g\u00e9n\u00e9rations d\u00e9di\u00e9es \u00e0 la production de grands vins de Porto et de vins DOC Douro reconnus nationalement et internationalement.\u00a0<\/p>\t\t\t\t\t\t\t\t<\/div>\n\t\t\t\t<\/div>\n\t\t\t\t<div class=\"elementor-element elementor-element-d9c4726 elementor-widget elementor-widget-button\" data-id=\"d9c4726\" data-element_type=\"widget\" data-e-type=\"widget\" data-widget_type=\"button.default\">\n\t\t\t\t<div class=\"elementor-widget-container\">\n\t\t\t\t\t\t\t\t\t<div class=\"elementor-button-wrapper\">\n\t\t\t\t\t<a class=\"elementor-button elementor-button-link elementor-size-sm\" href=\"\/fr\/marca\/quinta-do-mourao-fr\/\">\n\t\t\t\t\t\t<span class=\"elementor-button-content-wrapper\">\n\t\t\t\t\t\t\t\t\t<span class=\"elementor-button-text\">D\u00c9COUVREZ LES VINS<\/span>\n\t\t\t\t\t<\/span>\n\t\t\t\t\t<\/a>\n\t\t\t\t<\/div>\n\t\t\t\t\t\t\t\t<\/div>\n\t\t\t\t<\/div>\n\t\t\t\t\t<\/div>\n\t\t<\/div>\n\t\t\t\t<div class=\"elementor-column elementor-col-33 elementor-top-column elementor-element elementor-element-6eaf0de\" data-id=\"6eaf0de\" data-element_type=\"column\" data-e-type=\"column\">\n\t\t\t<div class=\"elementor-widget-wrap\">\n\t\t\t\t\t\t\t<\/div>\n\t\t<\/div>\n\t\t\t\t\t<\/div>\n\t\t<\/section>\n\t\t\t\t<\/div>\n\t\t","protected":false},"excerpt":{"rendered":"<p>Douro Un paysage d&#8217;une valeur universellement reconnue La R\u00e9gion D\u00e9marqu\u00e9e du Douro s&#8217;\u00e9tend le long du fleuve Douro et de ses affluents sur une superficie d&#8217;environ 250 000 hectares entre Barqueiros et Barca d&#8217;Alva. Cette r\u00e9gion trouve son origine dans la d\u00e9limitation territoriale de 1756, date de la premi\u00e8re d\u00e9marcation des &#8220;Vignes du Haut Douro&#8221;, [&hellip;]<\/p>\n","protected":false},"author":1,"featured_media":0,"parent":0,"menu_order":0,"comment_status":"closed","ping_status":"closed","template":"","meta":{"_acf_changed":false,"site-sidebar-layout":"no-sidebar","site-content-layout":"page-builder","ast-site-content-layout":"default","site-content-style":"default","site-sidebar-style":"default","ast-global-header-display":"","ast-banner-title-visibility":"","ast-main-header-display":"","ast-hfb-above-header-display":"","ast-hfb-below-header-display":"","ast-hfb-mobile-header-display":"","site-post-title":"disabled","ast-breadcrumbs-content":"","ast-featured-img":"disabled","footer-sml-layout":"","ast-disable-related-posts":"","theme-transparent-header-meta":"default","adv-header-id-meta":"","stick-header-meta":"","header-above-stick-meta":"","header-main-stick-meta":"","header-below-stick-meta":"","astra-migrate-meta-layouts":"default","ast-page-background-enabled":"default","ast-page-background-meta":{"desktop":{"background-color":"","background-image":"","background-repeat":"repeat","background-position":"center center","background-size":"auto","background-attachment":"scroll","background-type":"","background-media":"","overlay-type":"","overlay-color":"","overlay-opacity":"","overlay-gradient":""},"tablet":{"background-color":"","background-image":"","background-repeat":"repeat","background-position":"center center","background-size":"auto","background-attachment":"scroll","background-type":"","background-media":"","overlay-type":"","overlay-color":"","overlay-opacity":"","overlay-gradient":""},"mobile":{"background-color":"","background-image":"","background-repeat":"repeat","background-position":"center center","background-size":"auto","background-attachment":"scroll","background-type":"","background-media":"","overlay-type":"","overlay-color":"","overlay-opacity":"","overlay-gradient":""}},"ast-content-background-meta":{"desktop":{"background-color":"var(--ast-global-color-5)","background-image":"","background-repeat":"repeat","background-position":"center center","background-size":"auto","background-attachment":"scroll","background-type":"","background-media":"","overlay-type":"","overlay-color":"","overlay-opacity":"","overlay-gradient":""},"tablet":{"background-color":"var(--ast-global-color-5)","background-image":"","background-repeat":"repeat","background-position":"center center","background-size":"auto","background-attachment":"scroll","background-type":"","background-media":"","overlay-type":"","overlay-color":"","overlay-opacity":"","overlay-gradient":""},"mobile":{"background-color":"var(--ast-global-color-5)","background-image":"","background-repeat":"repeat","background-position":"center center","background-size":"auto","background-attachment":"scroll","background-type":"","background-media":"","overlay-type":"","overlay-color":"","overlay-opacity":"","overlay-gradient":""}},"footnotes":""},"class_list":["post-5005","page","type-page","status-publish","hentry"],"acf":[],"_links":{"self":[{"href":"https:\/\/www.falua.pt\/fr\/wp-json\/wp\/v2\/pages\/5005","targetHints":{"allow":["GET"]}}],"collection":[{"href":"https:\/\/www.falua.pt\/fr\/wp-json\/wp\/v2\/pages"}],"about":[{"href":"https:\/\/www.falua.pt\/fr\/wp-json\/wp\/v2\/types\/page"}],"author":[{"embeddable":true,"href":"https:\/\/www.falua.pt\/fr\/wp-json\/wp\/v2\/users\/1"}],"replies":[{"embeddable":true,"href":"https:\/\/www.falua.pt\/fr\/wp-json\/wp\/v2\/comments?post=5005"}],"version-history":[{"count":52,"href":"https:\/\/www.falua.pt\/fr\/wp-json\/wp\/v2\/pages\/5005\/revisions"}],"predecessor-version":[{"id":6043,"href":"https:\/\/www.falua.pt\/fr\/wp-json\/wp\/v2\/pages\/5005\/revisions\/6043"}],"wp:attachment":[{"href":"https:\/\/www.falua.pt\/fr\/wp-json\/wp\/v2\/media?parent=5005"}],"curies":[{"name":"wp","href":"https:\/\/api.w.org\/{rel}","templated":true}]}}