{"id":1586,"date":"2021-03-30T15:32:41","date_gmt":"2021-03-30T15:32:41","guid":{"rendered":"https:\/\/www.falua.pt\/vinhos-verdes\/"},"modified":"2023-09-15T12:11:31","modified_gmt":"2023-09-15T11:11:31","slug":"vinhos-verdes","status":"publish","type":"page","link":"https:\/\/www.falua.pt\/fr\/vinhos-verdes\/","title":{"rendered":"Vinhos Verdes"},"content":{"rendered":"\t\t<div data-elementor-type=\"wp-page\" data-elementor-id=\"1586\" class=\"elementor elementor-1586 elementor-474\" data-elementor-post-type=\"page\">\n\t\t\t\t\t\t<section class=\"elementor-section elementor-top-section elementor-element elementor-element-9240fec firstsection elementor-reverse-mobile elementor-section-boxed elementor-section-height-default elementor-section-height-default\" data-id=\"9240fec\" data-element_type=\"section\" data-e-type=\"section\">\n\t\t\t\t\t\t<div class=\"elementor-container elementor-column-gap-default\">\n\t\t\t\t\t<div class=\"elementor-column elementor-col-33 elementor-top-column elementor-element elementor-element-647f362 intro\" data-id=\"647f362\" data-element_type=\"column\" data-e-type=\"column\">\n\t\t\t<div class=\"elementor-widget-wrap elementor-element-populated\">\n\t\t\t\t\t\t<div class=\"elementor-element elementor-element-6c35173 header imgbox-titulo-subtitulo elementor-widget elementor-widget-image-box\" data-id=\"6c35173\" data-element_type=\"widget\" data-e-type=\"widget\" data-widget_type=\"image-box.default\">\n\t\t\t\t<div class=\"elementor-widget-container\">\n\t\t\t\t\t<div class=\"elementor-image-box-wrapper\"><div class=\"elementor-image-box-content\"><h1 class=\"elementor-image-box-title\">Vinhos Verdes<\/h1><p class=\"elementor-image-box-description\">La sous-r\u00e9gion de Mon\u00e7\u00e3o et Melga\u00e7o, berceau du c\u00e9page Alvarinho\u200b\u200b<\/p><\/div><\/div>\t\t\t\t<\/div>\n\t\t\t\t<\/div>\n\t\t\t\t<div class=\"elementor-element elementor-element-6885c0a elementor-widget elementor-widget-text-editor\" data-id=\"6885c0a\" data-element_type=\"widget\" data-e-type=\"widget\" data-widget_type=\"text-editor.default\">\n\t\t\t\t<div class=\"elementor-widget-container\">\n\t\t\t\t\t\t\t\t\t<p>La zone viticole d\u00e9limit\u00e9e de la r\u00e9gion de Vinhos Verdes s&#8217;\u00e9tend sur tout le nord-ouest du Portugal.<\/p><p>En termes de zone g\u00e9ographique, c&#8217;est la plus grande zone viticole d\u00e9limit\u00e9e du Portugal et l&#8217;une des plus grandes d&#8217;Europe.<\/p><p>En 1908, afin de d\u00e9fendre l&#8217;authenticit\u00e9 et la qualit\u00e9 du vin de cette r\u00e9gion, la sous-r\u00e9gion Mon\u00e7\u00e3o et Melga\u00e7o a \u00e9t\u00e9 cr\u00e9\u00e9e lors de la d\u00e9finition de la zone viticole d\u00e9limit\u00e9e de Vinhos Verdes (Lettre de loi de 1908 du 18 septembre), les vins de la vari\u00e9t\u00e9 Alvarinho \u00e9tant un produit de renomm\u00e9e mondiale.<\/p><p>Dans cette sous-r\u00e9gion, les sols granitiques pr\u00e9dominent. Cependant, dans le nord-ouest, il existe de grandes quantit\u00e9s de s\u00e9diments (argile et galets), ainsi qu\u2019une bande de schiste dans la partie centrale de la r\u00e9gion. Un autre facteur d\u00e9terminant du terroir de Mon\u00e7\u00e3o et Melga\u00e7o est le climat, conditionn\u00e9 par le terrain existant dans la r\u00e9gion. Le fait que cette r\u00e9gion soit coup\u00e9e au sud par la cha\u00eene de montagnes \u00abVale do Minho\u00bb signifie qu&#8217;elle ne subit pas l&#8217;influence atlantique typique de la r\u00e9gion de Vinhos Verdes. Avec les alignements montagneux de la Serra da Galiza au nord &#8211; qui atteignent des proportions consid\u00e9rables tr\u00e8s pr\u00e8s du fleuve Minho &#8211; ils forment une ceinture montagneuse responsable de l&#8217;existence d&#8217;un microclimat unique.<\/p><p>Ce microclimat se caract\u00e9rise par un climat temp\u00e9r\u00e9 de type atlantique et d&#8217;influence continentale, avec des hivers froids et pluvieux et des \u00e9t\u00e9s chauds et secs. La pr\u00e9sence d&#8217;un ensemble important de surfaces d&#8217;eau (rio Minho et principaux affluents) induit une r\u00e9gulation des temp\u00e9ratures, ce qui rend les amplitudes thermiques adapt\u00e9es \u00e0 la production du vin Alvarinho de Mon\u00e7\u00e3o et Melga\u00e7o, un produit unique au monde.<\/p>\t\t\t\t\t\t\t\t<\/div>\n\t\t\t\t<\/div>\n\t\t\t\t\t<\/div>\n\t\t<\/div>\n\t\t\t\t<div class=\"elementor-column elementor-col-66 elementor-top-column elementor-element elementor-element-54a9fcb\" data-id=\"54a9fcb\" data-element_type=\"column\" data-e-type=\"column\" data-settings=\"{&quot;background_background&quot;:&quot;classic&quot;}\">\n\t\t\t<div class=\"elementor-widget-wrap elementor-element-populated\">\n\t\t\t\t\t\t<div class=\"elementor-element elementor-element-f717ca6 firstsection-img elementor-widget elementor-widget-image\" data-id=\"f717ca6\" data-element_type=\"widget\" data-e-type=\"widget\" data-widget_type=\"image.default\">\n\t\t\t\t<div class=\"elementor-widget-container\">\n\t\t\t\t\t\t\t\t\t\t\t\t\t\t\t<img fetchpriority=\"high\" decoding=\"async\" width=\"856\" height=\"600\" src=\"https:\/\/www.falua.pt\/wp-content\/uploads\/2021\/07\/falua-em-moncao.png\" class=\"attachment-full size-full wp-image-3407\" alt=\"\" srcset=\"https:\/\/www.falua.pt\/wp-content\/uploads\/2021\/07\/falua-em-moncao.png 856w, https:\/\/www.falua.pt\/wp-content\/uploads\/2021\/07\/falua-em-moncao-300x210.png 300w, https:\/\/www.falua.pt\/wp-content\/uploads\/2021\/07\/falua-em-moncao-768x538.png 768w\" sizes=\"(max-width: 856px) 100vw, 856px\" \/>\t\t\t\t\t\t\t\t\t\t\t\t\t\t\t<\/div>\n\t\t\t\t<\/div>\n\t\t\t\t\t<\/div>\n\t\t<\/div>\n\t\t\t\t\t<\/div>\n\t\t<\/section>\n\t\t\t\t<section class=\"elementor-section elementor-top-section elementor-element elementor-element-5dbf6c3 img-left-text-center elementor-section-boxed elementor-section-height-default elementor-section-height-default\" data-id=\"5dbf6c3\" data-element_type=\"section\" data-e-type=\"section\">\n\t\t\t\t\t\t<div class=\"elementor-container elementor-column-gap-default\">\n\t\t\t\t\t<div class=\"elementor-column elementor-col-100 elementor-top-column elementor-element elementor-element-916007d\" data-id=\"916007d\" data-element_type=\"column\" data-e-type=\"column\">\n\t\t\t<div class=\"elementor-widget-wrap elementor-element-populated\">\n\t\t\t\t\t\t<div class=\"elementor-element elementor-element-a8b3349 imgbox-titulo-subtitulo small elementor-position-top elementor-widget elementor-widget-image-box\" data-id=\"a8b3349\" data-element_type=\"widget\" data-e-type=\"widget\" data-settings=\"{&quot;motion_fx_motion_fx_scrolling&quot;:&quot;yes&quot;,&quot;motion_fx_translateX_effect&quot;:&quot;yes&quot;,&quot;motion_fx_translateX_direction&quot;:&quot;negative&quot;,&quot;motion_fx_translateX_speed&quot;:{&quot;unit&quot;:&quot;px&quot;,&quot;size&quot;:1,&quot;sizes&quot;:[]},&quot;motion_fx_translateX_affectedRange&quot;:{&quot;unit&quot;:&quot;%&quot;,&quot;size&quot;:&quot;&quot;,&quot;sizes&quot;:{&quot;start&quot;:0,&quot;end&quot;:50}},&quot;motion_fx_devices&quot;:[&quot;desktop&quot;,&quot;tablet&quot;]}\" data-widget_type=\"image-box.default\">\n\t\t\t\t<div class=\"elementor-widget-container\">\n\t\t\t\t\t<div class=\"elementor-image-box-wrapper\"><figure class=\"elementor-image-box-img\"><img decoding=\"async\" src=\"https:\/\/www.falua.pt\/wp-content\/uploads\/elementor\/thumbs\/DRONE-MONCAO-DJI_0086-HD-qec8a298nj61zictweq6v9qt0rle9bfgmfauy47m3k.png\" title=\"DRONE-MONCAO-DJI_0086-HD\" alt=\"DRONE-MONCAO-DJI_0086-HD\" loading=\"lazy\" \/><\/figure><\/div>\t\t\t\t<\/div>\n\t\t\t\t<\/div>\n\t\t\t\t\t<\/div>\n\t\t<\/div>\n\t\t\t\t\t<\/div>\n\t\t<\/section>\n\t\t\t\t<section class=\"elementor-section elementor-top-section elementor-element elementor-element-995f1e0 elementor-section-content-top text-left-img-right elementor-reverse-mobile elementor-section-boxed elementor-section-height-default elementor-section-height-default\" data-id=\"995f1e0\" data-element_type=\"section\" data-e-type=\"section\">\n\t\t\t\t\t\t<div class=\"elementor-container elementor-column-gap-default\">\n\t\t\t\t\t<div class=\"elementor-column elementor-col-50 elementor-top-column elementor-element elementor-element-88eb460\" data-id=\"88eb460\" data-element_type=\"column\" data-e-type=\"column\">\n\t\t\t<div class=\"elementor-widget-wrap elementor-element-populated\">\n\t\t\t\t\t\t<div class=\"elementor-element elementor-element-faeec3d imgbox-titulo-subtitulo small elementor-widget elementor-widget-image-box\" data-id=\"faeec3d\" data-element_type=\"widget\" data-e-type=\"widget\" data-widget_type=\"image-box.default\">\n\t\t\t\t<div class=\"elementor-widget-container\">\n\t\t\t\t\t<div class=\"elementor-image-box-wrapper\"><div class=\"elementor-image-box-content\"><h3 class=\"elementor-image-box-title\">FALUA DANS LA R\u00c9GION <br>DU VINHO VERDE<\/h3><p class=\"elementor-image-box-description\">Originaire du 12\u00e8me si\u00e8cle.<\/p><\/div><\/div>\t\t\t\t<\/div>\n\t\t\t\t<\/div>\n\t\t\t\t<div class=\"elementor-element elementor-element-d901315 elementor-widget elementor-widget-text-editor\" data-id=\"d901315\" data-element_type=\"widget\" data-e-type=\"widget\" data-widget_type=\"text-editor.default\">\n\t\t\t\t<div class=\"elementor-widget-container\">\n\t\t\t\t\t\t\t\t\t<p>Quinta do Hospital est une propri\u00e9t\u00e9 enti\u00e8rement fortifi\u00e9e situ\u00e9e \u00e0 Mon\u00e7\u00e3o et Melga\u00e7o, sous-r\u00e9gion de la r\u00e9gion de Vinhos Verdes.<\/p><p><br \/>Il semblerait que le terrain o\u00f9 se trouve la Quinta a \u00e9t\u00e9 offert par la m\u00e8re de Dom Afonso Henriques &#8211; la comtesse Dona Teresa de Le\u00e3o &#8211; \u00e0 l&#8217;Ordre hospitalier de S\u00e3o Jo\u00e3o de J\u00e9rusalem ou Ordre de l&#8217;H\u00f4pital, et faisait partie de l&#8217;invitation \u00e0 ces \u00abHospitaliers\u00bb s&#8217;ils s&#8217;installaient dans le comt\u00e9 \u00abPortucalense\u00bb. L&#8217;Ordre de l&#8217;H\u00f4pital \u00e9tait l&#8217;une des principales institutions internationales de l&#8217;\u00e9poque et son implantation impliquait un prestige et une strat\u00e9gie pour \u00e9tablir un alli\u00e9 important pour la politique d\u2019autonomie qui se d\u00e9veloppait, contribuant au processus d&#8217;affirmation du comt\u00e9 et de son ind\u00e9pendance ult\u00e9rieure, conduisant \u00e0 la formation du Portugal.<\/p><p><br \/>Au Moyen \u00c2ge, les h\u00f4pitaux \u00e9taient des espaces cr\u00e9\u00e9s dans l\u2019esprit d\u2019entraide, con\u00e7us pour accueillir et offrir \u00ab l\u2019hospitalit\u00e9 \u00bb aux voyageurs et surtout aux p\u00e8lerins, qui ont contribu\u00e9 \u00e0 faire de cette \u00ab Quinta \u00bb un lieu \u00abh\u00f4pital \/ hospitalier\u00bb pour soutenir les p\u00e8lerins se rendant \u00e0 Saint-Jacques-de-Compostelle.<\/p><p>Avec une fa\u00e7ade blasonn\u00e9e du XVI\u00e8me si\u00e8cle, faisant r\u00e9f\u00e9rence au \u00ab Bar\u00e3o do Hospital \u00bb, la \u00ab Quinta do Hospital \u00bb est situ\u00e9e dans la paroisse de Ceiv\u00e3es, municipalit\u00e9 de Mon\u00e7\u00e3o, dominant la vall\u00e9e \u00e0 l&#8217;extr\u00e9mit\u00e9 Est de la ville de Valinha.<\/p>\t\t\t\t\t\t\t\t<\/div>\n\t\t\t\t<\/div>\n\t\t\t\t\t<\/div>\n\t\t<\/div>\n\t\t\t\t<div class=\"elementor-column elementor-col-50 elementor-top-column elementor-element elementor-element-e3fdd07\" data-id=\"e3fdd07\" data-element_type=\"column\" data-e-type=\"column\">\n\t\t\t<div class=\"elementor-widget-wrap elementor-element-populated\">\n\t\t\t\t\t\t<div class=\"elementor-element elementor-element-68538c4 elementor-widget elementor-widget-image\" data-id=\"68538c4\" data-element_type=\"widget\" data-e-type=\"widget\" data-settings=\"{&quot;motion_fx_motion_fx_scrolling&quot;:&quot;yes&quot;,&quot;motion_fx_translateX_effect&quot;:&quot;yes&quot;,&quot;motion_fx_translateX_speed&quot;:{&quot;unit&quot;:&quot;px&quot;,&quot;size&quot;:1,&quot;sizes&quot;:[]},&quot;motion_fx_devices&quot;:[&quot;desktop&quot;,&quot;tablet&quot;],&quot;motion_fx_translateX_affectedRange&quot;:{&quot;unit&quot;:&quot;%&quot;,&quot;size&quot;:&quot;&quot;,&quot;sizes&quot;:{&quot;start&quot;:0,&quot;end&quot;:100}}}\" data-widget_type=\"image.default\">\n\t\t\t\t<div class=\"elementor-widget-container\">\n\t\t\t\t\t\t\t\t\t\t\t\t\t\t\t<img decoding=\"async\" src=\"https:\/\/www.falua.pt\/wp-content\/uploads\/elementor\/thumbs\/DRONE-MONCAO-DJI_0126-HD-qec8a29bp65zperlfswsy4lq6vsrtjfj850jd274qo.png\" title=\"DRONE-MONCAO-DJI_0126-HD\" alt=\"DRONE-MONCAO-DJI_0126-HD\" loading=\"lazy\" \/>\t\t\t\t\t\t\t\t\t\t\t\t\t\t\t<\/div>\n\t\t\t\t<\/div>\n\t\t\t\t\t<\/div>\n\t\t<\/div>\n\t\t\t\t\t<\/div>\n\t\t<\/section>\n\t\t\t\t<section class=\"elementor-section elementor-top-section elementor-element elementor-element-a706ca5 small-row col-1 elementor-section-boxed elementor-section-height-default elementor-section-height-default\" data-id=\"a706ca5\" data-element_type=\"section\" data-e-type=\"section\">\n\t\t\t\t\t\t<div class=\"elementor-container elementor-column-gap-default\">\n\t\t\t\t\t<div class=\"elementor-column elementor-col-100 elementor-top-column elementor-element elementor-element-c80f52c\" data-id=\"c80f52c\" data-element_type=\"column\" data-e-type=\"column\">\n\t\t\t<div class=\"elementor-widget-wrap elementor-element-populated\">\n\t\t\t\t\t\t<div class=\"elementor-element elementor-element-0ef1bf4 imgbox-titulo-subtitulo small elementor-position-top elementor-widget elementor-widget-image-box\" data-id=\"0ef1bf4\" data-element_type=\"widget\" data-e-type=\"widget\" data-widget_type=\"image-box.default\">\n\t\t\t\t<div class=\"elementor-widget-container\">\n\t\t\t\t\t<div class=\"elementor-image-box-wrapper\"><figure class=\"elementor-image-box-img\"><img decoding=\"async\" width=\"1590\" height=\"1060\" src=\"https:\/\/www.falua.pt\/wp-content\/uploads\/2021\/07\/MONCAO-EPA00528-HD.png\" class=\"attachment-full size-full wp-image-3387\" alt=\"\" srcset=\"https:\/\/www.falua.pt\/wp-content\/uploads\/2021\/07\/MONCAO-EPA00528-HD.png 1590w, https:\/\/www.falua.pt\/wp-content\/uploads\/2021\/07\/MONCAO-EPA00528-HD-300x200.png 300w, https:\/\/www.falua.pt\/wp-content\/uploads\/2021\/07\/MONCAO-EPA00528-HD-1024x683.png 1024w, https:\/\/www.falua.pt\/wp-content\/uploads\/2021\/07\/MONCAO-EPA00528-HD-768x512.png 768w, https:\/\/www.falua.pt\/wp-content\/uploads\/2021\/07\/MONCAO-EPA00528-HD-1536x1024.png 1536w\" sizes=\"(max-width: 1590px) 100vw, 1590px\" \/><\/figure><div class=\"elementor-image-box-content\"><h3 class=\"elementor-image-box-title\">Vinha da quinta do hospital<\/h3><p class=\"elementor-image-box-description\">Dans l'une des vall\u00e9es les plus grandes et les plus impressionnantes du Minho<\/p><\/div><\/div>\t\t\t\t<\/div>\n\t\t\t\t<\/div>\n\t\t\t\t<div class=\"elementor-element elementor-element-d93076e elementor-widget elementor-widget-text-editor\" data-id=\"d93076e\" data-element_type=\"widget\" data-e-type=\"widget\" data-widget_type=\"text-editor.default\">\n\t\t\t\t<div class=\"elementor-widget-container\">\n\t\t\t\t\t\t\t\t\t<p>\u201cQuinta do Hospital \u00bb est actuellement une ferme exceptionnelle du Minho, form\u00e9e par une zone agro-foresti\u00e8re de 25 hectares, sur la rive gauche de la rivi\u00e8re Minho, un peu en amont de l&#8217;embouchure de son bel affluent &#8211; la rivi\u00e8re Mouro.<\/p><p>Le vignoble est situ\u00e9 dans l&#8217;une des vall\u00e9es les plus grandes et les plus frappantes du Minho.<\/p><p><br \/>\u00a0<\/p>\t\t\t\t\t\t\t\t<\/div>\n\t\t\t\t<\/div>\n\t\t\t\t\t<\/div>\n\t\t<\/div>\n\t\t\t\t\t<\/div>\n\t\t<\/section>\n\t\t\t\t<section class=\"elementor-section elementor-top-section elementor-element elementor-element-0ce2f5c img-right-text-center elementor-section-boxed elementor-section-height-default elementor-section-height-default\" data-id=\"0ce2f5c\" data-element_type=\"section\" data-e-type=\"section\">\n\t\t\t\t\t\t<div class=\"elementor-container elementor-column-gap-default\">\n\t\t\t\t\t<div class=\"elementor-column elementor-col-100 elementor-top-column elementor-element elementor-element-b8777a4\" data-id=\"b8777a4\" data-element_type=\"column\" data-e-type=\"column\">\n\t\t\t<div class=\"elementor-widget-wrap elementor-element-populated\">\n\t\t\t\t\t\t<div class=\"elementor-element elementor-element-1c7b7ce img-desktop-66 elementor-hidden-phone elementor-widget elementor-widget-image\" data-id=\"1c7b7ce\" data-element_type=\"widget\" data-e-type=\"widget\" data-settings=\"{&quot;motion_fx_motion_fx_scrolling&quot;:&quot;yes&quot;,&quot;motion_fx_translateX_effect&quot;:&quot;yes&quot;,&quot;motion_fx_translateX_direction&quot;:&quot;negative&quot;,&quot;motion_fx_translateX_speed&quot;:{&quot;unit&quot;:&quot;px&quot;,&quot;size&quot;:1,&quot;sizes&quot;:[]},&quot;motion_fx_devices&quot;:[&quot;desktop&quot;,&quot;tablet&quot;],&quot;motion_fx_translateX_affectedRange&quot;:{&quot;unit&quot;:&quot;%&quot;,&quot;size&quot;:&quot;&quot;,&quot;sizes&quot;:{&quot;start&quot;:0,&quot;end&quot;:100}}}\" data-widget_type=\"image.default\">\n\t\t\t\t<div class=\"elementor-widget-container\">\n\t\t\t\t\t\t\t\t\t\t\t\t\t\t\t<img decoding=\"async\" src=\"https:\/\/www.falua.pt\/wp-content\/uploads\/elementor\/thumbs\/MONCAO-EPA24115-HD-e1626363532131-qec8a29bdrmymgqa0fwk82px9my8h5dls4d4lzl85k.jpg\" title=\"MONCAO-EPA24115-HD\" alt=\"MONCAO-EPA24115-HD\" loading=\"lazy\" \/>\t\t\t\t\t\t\t\t\t\t\t\t\t\t\t<\/div>\n\t\t\t\t<\/div>\n\t\t\t\t<div class=\"elementor-element elementor-element-dc0574d imgbox-titulo-subtitulo small elementor-position-top elementor-widget elementor-widget-image-box\" data-id=\"dc0574d\" data-element_type=\"widget\" data-e-type=\"widget\" data-settings=\"{&quot;motion_fx_motion_fx_scrolling&quot;:&quot;yes&quot;,&quot;motion_fx_translateX_effect&quot;:&quot;yes&quot;,&quot;motion_fx_translateX_speed&quot;:{&quot;unit&quot;:&quot;px&quot;,&quot;size&quot;:1,&quot;sizes&quot;:[]},&quot;motion_fx_translateX_affectedRange&quot;:{&quot;unit&quot;:&quot;%&quot;,&quot;size&quot;:&quot;&quot;,&quot;sizes&quot;:{&quot;start&quot;:0,&quot;end&quot;:50}},&quot;motion_fx_devices&quot;:[&quot;desktop&quot;,&quot;tablet&quot;]}\" data-widget_type=\"image-box.default\">\n\t\t\t\t<div class=\"elementor-widget-container\">\n\t\t\t\t\t<div class=\"elementor-image-box-wrapper\"><figure class=\"elementor-image-box-img\"><img decoding=\"async\" width=\"1068\" height=\"489\" src=\"https:\/\/www.falua.pt\/wp-content\/uploads\/2021\/07\/MONCAO-EPA23963-HD_2-1.png\" class=\"attachment-full size-full wp-image-3401\" alt=\"\" srcset=\"https:\/\/www.falua.pt\/wp-content\/uploads\/2021\/07\/MONCAO-EPA23963-HD_2-1.png 1068w, https:\/\/www.falua.pt\/wp-content\/uploads\/2021\/07\/MONCAO-EPA23963-HD_2-1-300x137.png 300w, https:\/\/www.falua.pt\/wp-content\/uploads\/2021\/07\/MONCAO-EPA23963-HD_2-1-1024x469.png 1024w, https:\/\/www.falua.pt\/wp-content\/uploads\/2021\/07\/MONCAO-EPA23963-HD_2-1-768x352.png 768w\" sizes=\"(max-width: 1068px) 100vw, 1068px\" \/><\/figure><div class=\"elementor-image-box-content\"><h3 class=\"elementor-image-box-title\">LE CHAI<\/h3><p class=\"elementor-image-box-description\">Des conditions exceptionnelles pour cr\u00e9er des vins qui racontent l'histoire d'une r\u00e9gion<\/p><\/div><\/div>\t\t\t\t<\/div>\n\t\t\t\t<\/div>\n\t\t\t\t<div class=\"elementor-element elementor-element-76c8e22 elementor-widget elementor-widget-text-editor\" data-id=\"76c8e22\" data-element_type=\"widget\" data-e-type=\"widget\" data-widget_type=\"text-editor.default\">\n\t\t\t\t<div class=\"elementor-widget-container\">\n\t\t\t\t\t\t\t\t\t<p>Une cave moderne, cr\u00e9\u00e9e \u00e0 partir de z\u00e9ro, con\u00e7ue dans les moindres d\u00e9tails pour r\u00e9pondre aux exigences d&#8217;une production de haute qualit\u00e9.<\/p>\t\t\t\t\t\t\t\t<\/div>\n\t\t\t\t<\/div>\n\t\t\t\t\t<\/div>\n\t\t<\/div>\n\t\t\t\t\t<\/div>\n\t\t<\/section>\n\t\t\t\t<section class=\"elementor-section elementor-top-section elementor-element elementor-element-a3c74f7 elementor-section-boxed elementor-section-height-default elementor-section-height-default\" data-id=\"a3c74f7\" data-element_type=\"section\" data-e-type=\"section\">\n\t\t\t\t\t\t<div class=\"elementor-container elementor-column-gap-default\">\n\t\t\t\t\t<div class=\"elementor-column elementor-col-100 elementor-top-column elementor-element elementor-element-13fc701\" data-id=\"13fc701\" data-element_type=\"column\" data-e-type=\"column\">\n\t\t\t<div class=\"elementor-widget-wrap elementor-element-populated\">\n\t\t\t\t\t\t<div class=\"elementor-element elementor-element-9a7d4c5 imgbox-titulo-subtitulo elementor-widget elementor-widget-image-box\" data-id=\"9a7d4c5\" data-element_type=\"widget\" data-e-type=\"widget\" data-widget_type=\"image-box.default\">\n\t\t\t\t<div class=\"elementor-widget-container\">\n\t\t\t\t\t<div class=\"elementor-image-box-wrapper\"><div class=\"elementor-image-box-content\"><h3 class=\"elementor-image-box-title\">vinho verde<\/h3><p class=\"elementor-image-box-description\">Des morceaux d\u2019histoire qui se r\u00e9v\u00e8lent dans chaque bouteille<\/p><\/div><\/div>\t\t\t\t<\/div>\n\t\t\t\t<\/div>\n\t\t\t\t\t<\/div>\n\t\t<\/div>\n\t\t\t\t\t<\/div>\n\t\t<\/section>\n\t\t\t\t<section class=\"elementor-section elementor-top-section elementor-element elementor-element-1412573 miniaturas-marcas elementor-section-boxed elementor-section-height-default elementor-section-height-default\" data-id=\"1412573\" data-element_type=\"section\" data-e-type=\"section\">\n\t\t\t\t\t\t<div class=\"elementor-container elementor-column-gap-default\">\n\t\t\t\t\t<div class=\"elementor-column elementor-col-33 elementor-top-column elementor-element elementor-element-3214467\" data-id=\"3214467\" data-element_type=\"column\" data-e-type=\"column\">\n\t\t\t<div class=\"elementor-widget-wrap elementor-element-populated\">\n\t\t\t\t\t\t<div class=\"elementor-element elementor-element-05de124 imgbox-titulo-subtitulo small elementor-position-top elementor-widget elementor-widget-image-box\" data-id=\"05de124\" data-element_type=\"widget\" data-e-type=\"widget\" data-widget_type=\"image-box.default\">\n\t\t\t\t<div class=\"elementor-widget-container\">\n\t\t\t\t\t<div class=\"elementor-image-box-wrapper\"><figure class=\"elementor-image-box-img\"><a href=\"\/fr\/marca\/barao-do-hospital-fr\/\" tabindex=\"-1\"><img loading=\"lazy\" decoding=\"async\" width=\"816\" height=\"816\" src=\"https:\/\/www.falua.pt\/wp-content\/uploads\/2021\/03\/marcas-baraodohospital.jpg\" class=\"attachment-full size-full wp-image-1318\" alt=\"\" \/><\/a><\/figure><div class=\"elementor-image-box-content\"><h3 class=\"elementor-image-box-title\"><a href=\"\/fr\/marca\/barao-do-hospital-fr\/\">Bar\u00e3o do Hospital<\/a><\/h3><p class=\"elementor-image-box-description\">Les racines de l'hospitalit\u00e9<\/p><\/div><\/div>\t\t\t\t<\/div>\n\t\t\t\t<\/div>\n\t\t\t\t<div class=\"elementor-element elementor-element-4e8f10f elementor-widget elementor-widget-text-editor\" data-id=\"4e8f10f\" data-element_type=\"widget\" data-e-type=\"widget\" data-widget_type=\"text-editor.default\">\n\t\t\t\t<div class=\"elementor-widget-container\">\n\t\t\t\t\t\t\t\t\t<p>Le titre \u00abBar\u00e3o do Hospital\u00bb a \u00e9t\u00e9 d\u00e9cern\u00e9 \u00e0 l&#8217;un des anciens propri\u00e9taires de \u201cQuinta do Hospital\u201d.<\/p><p><br \/>Au Moyen \u00c2ge, les h\u00f4pitaux \u00e9taient des espaces cr\u00e9\u00e9s dans l&#8217;esprit d\u2019entraide, con\u00e7us pour accueillir et offrir \u00abl&#8217;hospitalit\u00e9\u00bb aux voyageurs.<\/p>\t\t\t\t\t\t\t\t<\/div>\n\t\t\t\t<\/div>\n\t\t\t\t<div class=\"elementor-element elementor-element-90ad89b elementor-widget elementor-widget-button\" data-id=\"90ad89b\" data-element_type=\"widget\" data-e-type=\"widget\" data-widget_type=\"button.default\">\n\t\t\t\t<div class=\"elementor-widget-container\">\n\t\t\t\t\t\t\t\t\t<div class=\"elementor-button-wrapper\">\n\t\t\t\t\t<a class=\"elementor-button elementor-button-link elementor-size-sm\" href=\"\/fr\/marca\/barao-do-hospital-fr\/\">\n\t\t\t\t\t\t<span class=\"elementor-button-content-wrapper\">\n\t\t\t\t\t\t\t\t\t<span class=\"elementor-button-text\">D\u00c9COUVREZ LES VINS<\/span>\n\t\t\t\t\t<\/span>\n\t\t\t\t\t<\/a>\n\t\t\t\t<\/div>\n\t\t\t\t\t\t\t\t<\/div>\n\t\t\t\t<\/div>\n\t\t\t\t\t<\/div>\n\t\t<\/div>\n\t\t\t\t<div class=\"elementor-column elementor-col-33 elementor-top-column elementor-element elementor-element-b5dfaad\" data-id=\"b5dfaad\" data-element_type=\"column\" data-e-type=\"column\">\n\t\t\t<div class=\"elementor-widget-wrap\">\n\t\t\t\t\t\t\t<\/div>\n\t\t<\/div>\n\t\t\t\t<div class=\"elementor-column elementor-col-33 elementor-top-column elementor-element elementor-element-f0b00ba\" data-id=\"f0b00ba\" data-element_type=\"column\" data-e-type=\"column\">\n\t\t\t<div class=\"elementor-widget-wrap\">\n\t\t\t\t\t\t\t<\/div>\n\t\t<\/div>\n\t\t\t\t\t<\/div>\n\t\t<\/section>\n\t\t\t\t<\/div>\n\t\t","protected":false},"excerpt":{"rendered":"<p>Vinhos Verdes La sous-r\u00e9gion de Mon\u00e7\u00e3o et Melga\u00e7o, berceau du c\u00e9page Alvarinho\u200b\u200b La zone viticole d\u00e9limit\u00e9e de la r\u00e9gion de Vinhos Verdes s&#8217;\u00e9tend sur tout le nord-ouest du Portugal. En termes de zone g\u00e9ographique, c&#8217;est la plus grande zone viticole d\u00e9limit\u00e9e du Portugal et l&#8217;une des plus grandes d&#8217;Europe. En 1908, afin de d\u00e9fendre l&#8217;authenticit\u00e9 [&hellip;]<\/p>\n","protected":false},"author":1,"featured_media":0,"parent":0,"menu_order":0,"comment_status":"closed","ping_status":"closed","template":"","meta":{"_acf_changed":false,"site-sidebar-layout":"no-sidebar","site-content-layout":"page-builder","ast-site-content-layout":"default","site-content-style":"default","site-sidebar-style":"default","ast-global-header-display":"","ast-banner-title-visibility":"","ast-main-header-display":"","ast-hfb-above-header-display":"","ast-hfb-below-header-display":"","ast-hfb-mobile-header-display":"","site-post-title":"disabled","ast-breadcrumbs-content":"","ast-featured-img":"disabled","footer-sml-layout":"","ast-disable-related-posts":"","theme-transparent-header-meta":"default","adv-header-id-meta":"","stick-header-meta":"","header-above-stick-meta":"","header-main-stick-meta":"","header-below-stick-meta":"","astra-migrate-meta-layouts":"default","ast-page-background-enabled":"default","ast-page-background-meta":{"desktop":{"background-color":"","background-image":"","background-repeat":"repeat","background-position":"center center","background-size":"auto","background-attachment":"scroll","background-type":"","background-media":"","overlay-type":"","overlay-color":"","overlay-opacity":"","overlay-gradient":""},"tablet":{"background-color":"","background-image":"","background-repeat":"repeat","background-position":"center center","background-size":"auto","background-attachment":"scroll","background-type":"","background-media":"","overlay-type":"","overlay-color":"","overlay-opacity":"","overlay-gradient":""},"mobile":{"background-color":"","background-image":"","background-repeat":"repeat","background-position":"center center","background-size":"auto","background-attachment":"scroll","background-type":"","background-media":"","overlay-type":"","overlay-color":"","overlay-opacity":"","overlay-gradient":""}},"ast-content-background-meta":{"desktop":{"background-color":"var(--ast-global-color-5)","background-image":"","background-repeat":"repeat","background-position":"center center","background-size":"auto","background-attachment":"scroll","background-type":"","background-media":"","overlay-type":"","overlay-color":"","overlay-opacity":"","overlay-gradient":""},"tablet":{"background-color":"var(--ast-global-color-5)","background-image":"","background-repeat":"repeat","background-position":"center center","background-size":"auto","background-attachment":"scroll","background-type":"","background-media":"","overlay-type":"","overlay-color":"","overlay-opacity":"","overlay-gradient":""},"mobile":{"background-color":"var(--ast-global-color-5)","background-image":"","background-repeat":"repeat","background-position":"center center","background-size":"auto","background-attachment":"scroll","background-type":"","background-media":"","overlay-type":"","overlay-color":"","overlay-opacity":"","overlay-gradient":""}},"footnotes":""},"class_list":["post-1586","page","type-page","status-publish","hentry"],"acf":[],"_links":{"self":[{"href":"https:\/\/www.falua.pt\/fr\/wp-json\/wp\/v2\/pages\/1586","targetHints":{"allow":["GET"]}}],"collection":[{"href":"https:\/\/www.falua.pt\/fr\/wp-json\/wp\/v2\/pages"}],"about":[{"href":"https:\/\/www.falua.pt\/fr\/wp-json\/wp\/v2\/types\/page"}],"author":[{"embeddable":true,"href":"https:\/\/www.falua.pt\/fr\/wp-json\/wp\/v2\/users\/1"}],"replies":[{"embeddable":true,"href":"https:\/\/www.falua.pt\/fr\/wp-json\/wp\/v2\/comments?post=1586"}],"version-history":[{"count":17,"href":"https:\/\/www.falua.pt\/fr\/wp-json\/wp\/v2\/pages\/1586\/revisions"}],"predecessor-version":[{"id":4892,"href":"https:\/\/www.falua.pt\/fr\/wp-json\/wp\/v2\/pages\/1586\/revisions\/4892"}],"wp:attachment":[{"href":"https:\/\/www.falua.pt\/fr\/wp-json\/wp\/v2\/media?parent=1586"}],"curies":[{"name":"wp","href":"https:\/\/api.w.org\/{rel}","templated":true}]}}